{"id":10,"date":"2016-08-20T15:46:16","date_gmt":"2016-08-20T13:46:16","guid":{"rendered":"http:\/\/www.wp.rabitti.eu\/?page_id=10"},"modified":"2021-05-31T16:08:40","modified_gmt":"2021-05-31T14:08:40","slug":"azienda","status":"publish","type":"page","link":"https:\/\/www.rabitti.eu\/fr\/entreprise.php","title":{"rendered":"L&rsquo;entreprise: \u00e0 propos de moi"},"content":{"rendered":"<p>Flavio Rabitti, n\u00e9 en 1983, l&rsquo;un des \u00ab\u00a0jeunes agriculteurs\u00a0\u00bb avec une grande passion a d\u00e9cid\u00e9 en 2009 de s\u00b4engager et de commencer \u00e0 produire les sp\u00e9cialit\u00e9s qui ont contribu\u00e9 \u00e0 rendre c\u00e9l\u00e9br\u00e9e la Toscane dans le monde.<\/p>\n<p><a href=\"http:\/\/www.rabitti.eu\/wp-content\/uploads\/2021\/05\/00018-Rabitti.jpg\"><img loading=\"lazy\" decoding=\"async\" class=\"alignleft wp-image-327 size-medium\" src=\"http:\/\/www.rabitti.eu\/wp-content\/uploads\/2021\/05\/00018-Rabitti-300x200.jpg\" alt=\"Flavio Rabitti\" width=\"300\" height=\"200\" srcset=\"https:\/\/www.rabitti.eu\/wp-content\/uploads\/2021\/05\/00018-Rabitti-300x200.jpg 300w, https:\/\/www.rabitti.eu\/wp-content\/uploads\/2021\/05\/00018-Rabitti-1024x682.jpg 1024w, https:\/\/www.rabitti.eu\/wp-content\/uploads\/2021\/05\/00018-Rabitti-768x512.jpg 768w, https:\/\/www.rabitti.eu\/wp-content\/uploads\/2021\/05\/00018-Rabitti.jpg 1244w\" sizes=\"auto, (max-width: 300px) 100vw, 300px\" \/><\/a><\/p>\n<p>\u00abApr\u00e8s avoir obtenu le dipl\u00f4me \u00e0 l\u00b4Ecole Agraire et ensuite le dipl\u00f4me d\u00b4ingenieur pr\u00e9s la Facult\u00e9 Agraire de Florence, j&rsquo;ai d\u00e9cid\u00e9 d&rsquo;essayer atteindre un r\u00eave: ouvrir ma propre entreprise.<\/p>\n<p>Ma chance fut aussi celle d&rsquo;avoir du terrain (10 ha au total) situ\u00e9s dans un territoire particulier, celui de<strong>Calzalunga<\/strong> (ou <em>Casale Longo<\/em>, comme on l&rsquo;appelait dans l&rsquo;ancien) \u00e0 <strong>Suvereto<\/strong>, \u00e0 quelques dizaines de kilom\u00e8tres de <em>Bolgheri<\/em> et <em>Castagneto<\/em> <em>Carducci<\/em> &#8211; des zones naturellement adapt\u00e9es \u00e0 la production de vin et d&rsquo;huile d&rsquo;olive de grande qualit\u00e9. D\u00e9j\u00e0 <strong>Elisa Bonaparte<\/strong>, s\u0153ur de Napol\u00e9on, avait choisi cet endroit pour construire sa r\u00e9sidence d&rsquo;\u00e9t\u00e9 et pour boire \u00ab\u00a0<strong>le bon vin de Casal Longo<\/strong>\u00ab\u00a0.<\/p>\n<p><a href=\"http:\/\/www.rabitti.eu\/wp-content\/uploads\/2016\/08\/flavio_tartufi_bn_LOW_logo.jpg\"><img loading=\"lazy\" decoding=\"async\" class=\"alignright wp-image-187 size-medium\" src=\"http:\/\/www.wp.rabitti.eu\/wp-content\/uploads\/2016\/08\/flavio_tartufi_bn_LOW_logo-300x296.jpg\" alt=\"Tartufaio Flavio ed i suoi tartufi\" width=\"300\" height=\"296\" srcset=\"https:\/\/www.rabitti.eu\/wp-content\/uploads\/2016\/08\/flavio_tartufi_bn_LOW_logo-300x296.jpg 300w, https:\/\/www.rabitti.eu\/wp-content\/uploads\/2016\/08\/flavio_tartufi_bn_LOW_logo-768x758.jpg 768w, https:\/\/www.rabitti.eu\/wp-content\/uploads\/2016\/08\/flavio_tartufi_bn_LOW_logo.jpg 875w\" sizes=\"auto, (max-width: 300px) 100vw, 300px\" \/><\/a><\/p>\n<p>Dans mon entreprise, \u00e0 la gestion familiale, je produis <strong>principalement du vin I.G.T. de Toscane rouge et blanc<\/strong> et <strong>de l\u00b4huile d\u00b4olive vierge extra I.G.P. de Toscane;<\/strong> en outre, dans les r\u00e9gions bois\u00e9es situ\u00e9es dans d&rsquo;autres parties de la Toscane mais quand m\u00eame proches de la propri\u00e9t\u00e9 de mon entreprise, je cherche des <strong>truffes pr\u00e9cieuses <\/strong>que je vends pendant toute l&rsquo;ann\u00e9e. Bient\u00f4t, gr\u00e2ce \u00e0 l\u00b4installation des ruches, on produira du <strong>miel<\/strong> de fleurs sauvages et monoflora, de la propolis et du pollen.<\/p>\n<p>J\u00b4ai tout de suite d\u00e9cid\u00e9 de m\u00b4imposer une interdiction sur toute utilisation de mol\u00e9cules \u00e0 fort impact imbientale, comme les fongicides aggressifs, les insecticides, les herbicides et les pesticides en g\u00e9n\u00e9ral. Toutes mes cultures sont pourtant trait\u00e9es par des m\u00e9thodes biologiques; en quelques cas, j\u00b4utilise du cuivre et du soufre comme les seules m\u00e9thodes de lutte. J&rsquo;ai \u00e9galement d\u00e9cid\u00e9 \u00abd\u00b4organiser\u00bb la terre d&rsquo;une fa\u00e7on qui puisse pr\u00e9server une grande biodiversit\u00e9, en cr\u00e9ant des lieux d\u00b4abri et de reproduction pour de nombreux insectes pr\u00e9dateurs pr\u00e9sents naturellement dans nos \u00e9cosyst\u00e8mes agricoles (haies, corridors, etc).<\/p>\n<p>M\u00eame les m\u00e9thodes de travail des produits v\u00e9g\u00e9taux sont suivies avec soin constant et m\u00e9ticuleux, les processus dans la cave se d\u00e9roulent naturellement, accompagn\u00e9 doucement jusqu&rsquo;au vin fini, sans forcer. Le broyeur est choisi avec sagesse afin qu\u00b4on puisse travailler \u00ab\u00a0\u00e0 froid\u00a0\u00bb, pr\u00e9server les ar\u00f4mes d\u00e9licats pr\u00e9sents dans les olives, et en m\u00eame temps en conservant toutes les propri\u00e9t\u00e9s importantes de l&rsquo;huile d&rsquo;olive vierge extra de Toscane. La plupart des op\u00e9rations agricoles dans la vigne et parmi les oliviers sont r\u00e9alis\u00e9es \u00e0 main, de mani\u00e8re \u00e0 garantir aux produits finaux un autre <strong><em>charme<\/em><\/strong>, une vraie<strong><em>histoire<\/em><\/strong>, sa propre <strong><em>identit\u00e9<\/em><\/strong>. \u00bb<\/p>\n<p>\r\n\t\t\t\t\t\n\r\n\t\t\t\t\t<!-- START UNITE GALLERY 1.7.62 -->\r\n\t\t\t\t\t\r\n\t\t\t\t\n\t\t\t<div id='unitegallery_9_5' class='unite-gallery' style='margin:0px auto;'>\n\t\t\t\t\n\n\t\t\t\t\t\t<img decoding=\"async\" alt=\"Arriva la primavera - Fiori e fioriture a Suvereto (LI) - Toscana, Italy\"\n\t\t\t\t\t\t    data-type=\"youtube\"  src=\"\" data-image=\"https:\/\/img.youtube.com\/vi\/Tek4EhXn5tA\/sddefault.jpg\"\n\t\t\t\t\t\t     data-thumb=\"https:\/\/img.youtube.com\/vi\/Tek4EhXn5tA\/mqdefault.jpg\"\n\t\t\t\t\t\t     title=\"Ogni anno, quando arriva la primavera, l'azienda agricola Rabitti di Suvereto (LI), in Toscana, si riempie di splendide fioriture. Fiori di ogni colore e dimensione di alberi come pesco, susino, giuggiolo, kaki, melo, pero, cotogno, olivo, lentaggine, corniolo, mandorlo, ciliegio, albicocco... e moltissimi altri.\"\n\t\t\t\t\t\t     data-videoid=\"Tek4EhXn5tA\" style=\"display:none\">\n\t\t\t<\/div>\n\n\n\t\t\t<!-- END UNITEGALLERY --><\/p>\n<p>\r\n\t\t\t\t\t\n\r\n\t\t\t\t\t<!-- START UNITE GALLERY 1.7.62 -->\r\n\t\t\t\t\t\r\n\t\t\t\t\n\t\t\t<div id='unitegallery_12_6' class='unite-gallery' style='margin:0px auto;'>\n\t\t\t\t\n\n\t\t\t\t\t\t<img decoding=\"async\" alt=\"Forex_PVC_50x70_TARTUFO_LOW_\"\n\t\t\t\t\t\t     src=\"\" data-image=\"https:\/\/www.rabitti.eu\/wp-content\/uploads\/2016\/08\/Forex_PVC_50x70_TARTUFO_LOW_.jpg\"\n\t\t\t\t\t\t     data-thumb=\"https:\/\/www.rabitti.eu\/wp-content\/uploads\/2016\/08\/Forex_PVC_50x70_TARTUFO_LOW_-214x300.jpg\"\n\t\t\t\t\t\t     title=\"\"\n\t\t\t\t\t\t     style=\"display:none\">\n\n\t\t\t\t\t\t<img decoding=\"async\" alt=\"barrique_\"\n\t\t\t\t\t\t     src=\"\" data-image=\"https:\/\/www.rabitti.eu\/wp-content\/uploads\/2016\/08\/barrique_.jpg\"\n\t\t\t\t\t\t     data-thumb=\"https:\/\/www.rabitti.eu\/wp-content\/uploads\/2016\/08\/barrique_-300x201.jpg\"\n\t\t\t\t\t\t     title=\"\"\n\t\t\t\t\t\t     style=\"display:none\">\n\n\t\t\t\t\t\t<img decoding=\"async\" alt=\"calzalunga_suvereto_drone\"\n\t\t\t\t\t\t     src=\"\" data-image=\"https:\/\/www.rabitti.eu\/wp-content\/uploads\/2016\/08\/calzalunga_suvereto_drone.jpg\"\n\t\t\t\t\t\t     data-thumb=\"https:\/\/www.rabitti.eu\/wp-content\/uploads\/2016\/08\/calzalunga_suvereto_drone-300x146.jpg\"\n\t\t\t\t\t\t     title=\"\"\n\t\t\t\t\t\t     style=\"display:none\">\n\n\t\t\t\t\t\t<img decoding=\"async\" alt=\"Flavio Rabitti, Azienda agricola &quot;Rabitti&quot;, Suvereto (LI), Toscana, Italia\"\n\t\t\t\t\t\t     src=\"\" data-image=\"https:\/\/www.rabitti.eu\/wp-content\/uploads\/2021\/05\/00018-Rabitti-1024x682.jpg\"\n\t\t\t\t\t\t     data-thumb=\"https:\/\/www.rabitti.eu\/wp-content\/uploads\/2021\/05\/00018-Rabitti-300x200.jpg\"\n\t\t\t\t\t\t     title=\"\"\n\t\t\t\t\t\t     style=\"display:none\">\n\n\t\t\t\t\t\t<img decoding=\"async\" alt=\"Prodotti_tartufo\"\n\t\t\t\t\t\t     src=\"\" data-image=\"https:\/\/www.rabitti.eu\/wp-content\/uploads\/2016\/08\/Prodotti_tartufo-1.jpg\"\n\t\t\t\t\t\t     data-thumb=\"https:\/\/www.rabitti.eu\/wp-content\/uploads\/2016\/08\/Prodotti_tartufo-1-300x199.jpg\"\n\t\t\t\t\t\t     title=\"\"\n\t\t\t\t\t\t     style=\"display:none\">\n\n\t\t\t\t\t\t<img decoding=\"async\" alt=\"raccolta_manuale_olive\"\n\t\t\t\t\t\t     src=\"\" data-image=\"https:\/\/www.rabitti.eu\/wp-content\/uploads\/2016\/08\/raccolta_manuale_olive.jpg\"\n\t\t\t\t\t\t     data-thumb=\"https:\/\/www.rabitti.eu\/wp-content\/uploads\/2016\/08\/raccolta_manuale_olive-300x238.jpg\"\n\t\t\t\t\t\t     title=\"\"\n\t\t\t\t\t\t     style=\"display:none\">\n\n\t\t\t\t\t\t<img decoding=\"async\" alt=\"Forex_PVC_50x70_VINO_LOW_\"\n\t\t\t\t\t\t     src=\"\" data-image=\"https:\/\/www.rabitti.eu\/wp-content\/uploads\/2016\/08\/Forex_PVC_50x70_VINO_LOW_.jpg\"\n\t\t\t\t\t\t     data-thumb=\"https:\/\/www.rabitti.eu\/wp-content\/uploads\/2016\/08\/Forex_PVC_50x70_VINO_LOW_-214x300.jpg\"\n\t\t\t\t\t\t     title=\"\"\n\t\t\t\t\t\t     style=\"display:none\">\n\n\t\t\t\t\t\t<img decoding=\"async\" alt=\"flavio_tartufi_bn_LOW_logo\"\n\t\t\t\t\t\t     src=\"\" data-image=\"https:\/\/www.rabitti.eu\/wp-content\/uploads\/2016\/08\/flavio_tartufi_bn_LOW_logo.jpg\"\n\t\t\t\t\t\t     data-thumb=\"https:\/\/www.rabitti.eu\/wp-content\/uploads\/2016\/08\/flavio_tartufi_bn_LOW_logo-300x296.jpg\"\n\t\t\t\t\t\t     title=\"\"\n\t\t\t\t\t\t     style=\"display:none\">\n\n\t\t\t\t\t\t<img decoding=\"async\" alt=\"bottiglie_vino\"\n\t\t\t\t\t\t     src=\"\" data-image=\"https:\/\/www.rabitti.eu\/wp-content\/uploads\/2016\/08\/bottiglie_vino.jpg\"\n\t\t\t\t\t\t     data-thumb=\"https:\/\/www.rabitti.eu\/wp-content\/uploads\/2016\/08\/bottiglie_vino-300x225.jpg\"\n\t\t\t\t\t\t     title=\"\"\n\t\t\t\t\t\t     style=\"display:none\">\n\n\t\t\t\t\t\t<img decoding=\"async\" alt=\"olive_e_olio_toscano\"\n\t\t\t\t\t\t     src=\"\" data-image=\"https:\/\/www.rabitti.eu\/wp-content\/uploads\/2016\/08\/olive_e_olio_toscano.jpg\"\n\t\t\t\t\t\t     data-thumb=\"https:\/\/www.rabitti.eu\/wp-content\/uploads\/2016\/08\/olive_e_olio_toscano-225x300.jpg\"\n\t\t\t\t\t\t     title=\"\"\n\t\t\t\t\t\t     style=\"display:none\">\n\n\t\t\t\t\t\t<img decoding=\"async\" alt=\"tartufo_bianco_toscano\"\n\t\t\t\t\t\t     src=\"\" data-image=\"https:\/\/www.rabitti.eu\/wp-content\/uploads\/2016\/08\/tartufo_bianco_toscano.jpg\"\n\t\t\t\t\t\t     data-thumb=\"https:\/\/www.rabitti.eu\/wp-content\/uploads\/2016\/08\/tartufo_bianco_toscano-300x201.jpg\"\n\t\t\t\t\t\t     title=\"\"\n\t\t\t\t\t\t     style=\"display:none\">\n\n\t\t\t\t\t\t<img decoding=\"async\" alt=\"per_elisa_tappo_sughero\"\n\t\t\t\t\t\t     src=\"\" data-image=\"https:\/\/www.rabitti.eu\/wp-content\/uploads\/2016\/08\/per_elisa_tappo_sughero.jpg\"\n\t\t\t\t\t\t     data-thumb=\"https:\/\/www.rabitti.eu\/wp-content\/uploads\/2016\/08\/per_elisa_tappo_sughero-300x201.jpg\"\n\t\t\t\t\t\t     title=\"\"\n\t\t\t\t\t\t     style=\"display:none\">\n\n\t\t\t\t\t\t<img decoding=\"async\" alt=\"olive_mature_toscane\"\n\t\t\t\t\t\t     src=\"\" data-image=\"https:\/\/www.rabitti.eu\/wp-content\/uploads\/2016\/08\/olive_mature_toscane.jpg\"\n\t\t\t\t\t\t     data-thumb=\"https:\/\/www.rabitti.eu\/wp-content\/uploads\/2016\/08\/olive_mature_toscane-300x201.jpg\"\n\t\t\t\t\t\t     title=\"\"\n\t\t\t\t\t\t     style=\"display:none\">\n\n\t\t\t\t\t\t<img decoding=\"async\" alt=\"vigna_autunno\"\n\t\t\t\t\t\t     src=\"\" data-image=\"https:\/\/www.rabitti.eu\/wp-content\/uploads\/2016\/08\/vigna_autunno.jpg\"\n\t\t\t\t\t\t     data-thumb=\"https:\/\/www.rabitti.eu\/wp-content\/uploads\/2016\/08\/vigna_autunno-300x221.jpg\"\n\t\t\t\t\t\t     title=\"\"\n\t\t\t\t\t\t     style=\"display:none\">\n\n\t\t\t\t\t\t<img decoding=\"async\" alt=\"Flavio Rabitti\"\n\t\t\t\t\t\t     src=\"\" data-image=\"https:\/\/www.rabitti.eu\/wp-content\/uploads\/2016\/08\/Flavio-Rabitti.jpg\"\n\t\t\t\t\t\t     data-thumb=\"https:\/\/www.rabitti.eu\/wp-content\/uploads\/2016\/08\/Flavio-Rabitti-300x260.jpg\"\n\t\t\t\t\t\t     title=\"\"\n\t\t\t\t\t\t     style=\"display:none\">\n\n\t\t\t\t\t\t<img decoding=\"async\" alt=\"tartufo_bianco2\"\n\t\t\t\t\t\t     src=\"\" data-image=\"https:\/\/www.rabitti.eu\/wp-content\/uploads\/2016\/08\/tartufo_bianco2.jpg\"\n\t\t\t\t\t\t     data-thumb=\"https:\/\/www.rabitti.eu\/wp-content\/uploads\/2016\/08\/tartufo_bianco2-300x201.jpg\"\n\t\t\t\t\t\t     title=\"\"\n\t\t\t\t\t\t     style=\"display:none\">\n\t\t\t<\/div>\n\n\n\t\t\t<!-- END UNITEGALLERY --><\/p>","protected":false},"excerpt":{"rendered":"<p>Flavio Rabitti, n\u00e9 en 1983, l&rsquo;un des \u00ab\u00a0jeunes agriculteurs\u00a0\u00bb avec une grande passion a d\u00e9cid\u00e9 en 2009 de s\u00b4engager et de commencer \u00e0 produire les sp\u00e9cialit\u00e9s qui ont contribu\u00e9 \u00e0 rendre c\u00e9l\u00e9br\u00e9e la Toscane dans le monde. \u00abApr\u00e8s avoir obtenu le dipl\u00f4me \u00e0 l\u00b4Ecole Agraire et ensuite le dipl\u00f4me d\u00b4ingenieur pr\u00e9s la Facult\u00e9 Agraire de [&hellip;]<\/p>\n","protected":false},"author":1,"featured_media":0,"parent":0,"menu_order":0,"comment_status":"closed","ping_status":"closed","template":"","meta":{"footnotes":""},"class_list":["post-10","page","type-page","status-publish","czr-hentry"],"yoast_head":"<!-- This site is optimized with the Yoast SEO plugin v25.9 - https:\/\/yoast.com\/wordpress\/plugins\/seo\/ -->\n<title>L&#039;entreprise: \u00e0 propos de moi - Ferme Rabitti<\/title>\n<meta name=\"robots\" content=\"index, follow, max-snippet:-1, max-image-preview:large, max-video-preview:-1\" \/>\n<link rel=\"canonical\" href=\"https:\/\/www.rabitti.eu\/azienda.php\" \/>\n<meta property=\"og:locale\" content=\"fr_FR\" \/>\n<meta property=\"og:type\" content=\"article\" \/>\n<meta property=\"og:title\" content=\"L&#039;entreprise: \u00e0 propos de moi - Ferme Rabitti\" \/>\n<meta property=\"og:description\" content=\"Flavio Rabitti, n\u00e9 en 1983, l&rsquo;un des \u00ab\u00a0jeunes agriculteurs\u00a0\u00bb avec une grande passion a d\u00e9cid\u00e9 en 2009 de s\u00b4engager et de commencer \u00e0 produire les sp\u00e9cialit\u00e9s qui ont contribu\u00e9 \u00e0 rendre c\u00e9l\u00e9br\u00e9e la Toscane dans le monde. \u00abApr\u00e8s avoir obtenu le dipl\u00f4me \u00e0 l\u00b4Ecole Agraire et ensuite le dipl\u00f4me d\u00b4ingenieur pr\u00e9s la Facult\u00e9 Agraire de [&hellip;]\" \/>\n<meta property=\"og:url\" content=\"https:\/\/www.rabitti.eu\/azienda.php\" \/>\n<meta property=\"og:site_name\" content=\"Ferme Rabitti\" \/>\n<meta property=\"article:modified_time\" content=\"2021-05-31T14:08:40+00:00\" \/>\n<meta property=\"og:image\" content=\"http:\/\/www.rabitti.eu\/wp-content\/uploads\/2021\/05\/00018-Rabitti-300x200.jpg\" \/>\n<meta name=\"twitter:card\" content=\"summary_large_image\" \/>\n<meta name=\"twitter:label1\" content=\"Dur\u00e9e de lecture estim\u00e9e\" \/>\n\t<meta name=\"twitter:data1\" content=\"3 minutes\" \/>\n<script type=\"application\/ld+json\" class=\"yoast-schema-graph\">{\"@context\":\"https:\/\/schema.org\",\"@graph\":[{\"@type\":\"WebPage\",\"@id\":\"https:\/\/www.rabitti.eu\/azienda.php\",\"url\":\"https:\/\/www.rabitti.eu\/azienda.php\",\"name\":\"L'entreprise: \u00e0 propos de moi - Ferme Rabitti\",\"isPartOf\":{\"@id\":\"http:\/\/www.rabitti.eu\/#website\"},\"primaryImageOfPage\":{\"@id\":\"https:\/\/www.rabitti.eu\/azienda.php#primaryimage\"},\"image\":{\"@id\":\"https:\/\/www.rabitti.eu\/azienda.php#primaryimage\"},\"thumbnailUrl\":\"http:\/\/www.rabitti.eu\/wp-content\/uploads\/2021\/05\/00018-Rabitti-300x200.jpg\",\"datePublished\":\"2016-08-20T13:46:16+00:00\",\"dateModified\":\"2021-05-31T14:08:40+00:00\",\"breadcrumb\":{\"@id\":\"https:\/\/www.rabitti.eu\/azienda.php#breadcrumb\"},\"inLanguage\":\"fr-FR\",\"potentialAction\":[{\"@type\":\"ReadAction\",\"target\":[\"https:\/\/www.rabitti.eu\/azienda.php\"]}]},{\"@type\":\"ImageObject\",\"inLanguage\":\"fr-FR\",\"@id\":\"https:\/\/www.rabitti.eu\/azienda.php#primaryimage\",\"url\":\"http:\/\/www.rabitti.eu\/wp-content\/uploads\/2021\/05\/00018-Rabitti-300x200.jpg\",\"contentUrl\":\"http:\/\/www.rabitti.eu\/wp-content\/uploads\/2021\/05\/00018-Rabitti-300x200.jpg\"},{\"@type\":\"BreadcrumbList\",\"@id\":\"https:\/\/www.rabitti.eu\/azienda.php#breadcrumb\",\"itemListElement\":[{\"@type\":\"ListItem\",\"position\":1,\"name\":\"Home\",\"item\":\"https:\/\/www.rabitti.eu\/en\/\"},{\"@type\":\"ListItem\",\"position\":2,\"name\":\"L&#8217;azienda: chi sono\"}]},{\"@type\":\"WebSite\",\"@id\":\"http:\/\/www.rabitti.eu\/#website\",\"url\":\"http:\/\/www.rabitti.eu\/\",\"name\":\"Ferme Rabitti\",\"description\":\"Vin, truffes, huile d&#039;olive extra vierge\",\"potentialAction\":[{\"@type\":\"SearchAction\",\"target\":{\"@type\":\"EntryPoint\",\"urlTemplate\":\"http:\/\/www.rabitti.eu\/?s={search_term_string}\"},\"query-input\":{\"@type\":\"PropertyValueSpecification\",\"valueRequired\":true,\"valueName\":\"search_term_string\"}}],\"inLanguage\":\"fr-FR\"}]}<\/script>\n<!-- \/ Yoast SEO plugin. -->","yoast_head_json":{"title":"L'entreprise: \u00e0 propos de moi - Ferme Rabitti","robots":{"index":"index","follow":"follow","max-snippet":"max-snippet:-1","max-image-preview":"max-image-preview:large","max-video-preview":"max-video-preview:-1"},"canonical":"https:\/\/www.rabitti.eu\/azienda.php","og_locale":"fr_FR","og_type":"article","og_title":"L'entreprise: \u00e0 propos de moi - Ferme Rabitti","og_description":"Flavio Rabitti, n\u00e9 en 1983, l&rsquo;un des \u00ab\u00a0jeunes agriculteurs\u00a0\u00bb avec une grande passion a d\u00e9cid\u00e9 en 2009 de s\u00b4engager et de commencer \u00e0 produire les sp\u00e9cialit\u00e9s qui ont contribu\u00e9 \u00e0 rendre c\u00e9l\u00e9br\u00e9e la Toscane dans le monde. \u00abApr\u00e8s avoir obtenu le dipl\u00f4me \u00e0 l\u00b4Ecole Agraire et ensuite le dipl\u00f4me d\u00b4ingenieur pr\u00e9s la Facult\u00e9 Agraire de [&hellip;]","og_url":"https:\/\/www.rabitti.eu\/azienda.php","og_site_name":"Ferme Rabitti","article_modified_time":"2021-05-31T14:08:40+00:00","og_image":[{"url":"http:\/\/www.rabitti.eu\/wp-content\/uploads\/2021\/05\/00018-Rabitti-300x200.jpg","type":"","width":"","height":""}],"twitter_card":"summary_large_image","twitter_misc":{"Dur\u00e9e de lecture estim\u00e9e":"3 minutes"},"schema":{"@context":"https:\/\/schema.org","@graph":[{"@type":"WebPage","@id":"https:\/\/www.rabitti.eu\/azienda.php","url":"https:\/\/www.rabitti.eu\/azienda.php","name":"L'entreprise: \u00e0 propos de moi - Ferme Rabitti","isPartOf":{"@id":"http:\/\/www.rabitti.eu\/#website"},"primaryImageOfPage":{"@id":"https:\/\/www.rabitti.eu\/azienda.php#primaryimage"},"image":{"@id":"https:\/\/www.rabitti.eu\/azienda.php#primaryimage"},"thumbnailUrl":"http:\/\/www.rabitti.eu\/wp-content\/uploads\/2021\/05\/00018-Rabitti-300x200.jpg","datePublished":"2016-08-20T13:46:16+00:00","dateModified":"2021-05-31T14:08:40+00:00","breadcrumb":{"@id":"https:\/\/www.rabitti.eu\/azienda.php#breadcrumb"},"inLanguage":"fr-FR","potentialAction":[{"@type":"ReadAction","target":["https:\/\/www.rabitti.eu\/azienda.php"]}]},{"@type":"ImageObject","inLanguage":"fr-FR","@id":"https:\/\/www.rabitti.eu\/azienda.php#primaryimage","url":"http:\/\/www.rabitti.eu\/wp-content\/uploads\/2021\/05\/00018-Rabitti-300x200.jpg","contentUrl":"http:\/\/www.rabitti.eu\/wp-content\/uploads\/2021\/05\/00018-Rabitti-300x200.jpg"},{"@type":"BreadcrumbList","@id":"https:\/\/www.rabitti.eu\/azienda.php#breadcrumb","itemListElement":[{"@type":"ListItem","position":1,"name":"Home","item":"https:\/\/www.rabitti.eu\/en\/"},{"@type":"ListItem","position":2,"name":"L&#8217;azienda: chi sono"}]},{"@type":"WebSite","@id":"http:\/\/www.rabitti.eu\/#website","url":"http:\/\/www.rabitti.eu\/","name":"Ferme Rabitti","description":"Vin, truffes, huile d&#039;olive extra vierge","potentialAction":[{"@type":"SearchAction","target":{"@type":"EntryPoint","urlTemplate":"http:\/\/www.rabitti.eu\/?s={search_term_string}"},"query-input":{"@type":"PropertyValueSpecification","valueRequired":true,"valueName":"search_term_string"}}],"inLanguage":"fr-FR"}]}},"_links":{"self":[{"href":"https:\/\/www.rabitti.eu\/fr\/wp-json\/wp\/v2\/pages\/10","targetHints":{"allow":["GET"]}}],"collection":[{"href":"https:\/\/www.rabitti.eu\/fr\/wp-json\/wp\/v2\/pages"}],"about":[{"href":"https:\/\/www.rabitti.eu\/fr\/wp-json\/wp\/v2\/types\/page"}],"author":[{"embeddable":true,"href":"https:\/\/www.rabitti.eu\/fr\/wp-json\/wp\/v2\/users\/1"}],"replies":[{"embeddable":true,"href":"https:\/\/www.rabitti.eu\/fr\/wp-json\/wp\/v2\/comments?post=10"}],"version-history":[{"count":21,"href":"https:\/\/www.rabitti.eu\/fr\/wp-json\/wp\/v2\/pages\/10\/revisions"}],"predecessor-version":[{"id":330,"href":"https:\/\/www.rabitti.eu\/fr\/wp-json\/wp\/v2\/pages\/10\/revisions\/330"}],"wp:attachment":[{"href":"https:\/\/www.rabitti.eu\/fr\/wp-json\/wp\/v2\/media?parent=10"}],"curies":[{"name":"wp","href":"https:\/\/api.w.org\/{rel}","templated":true}]}}